{"id":8,"date":"2016-11-08T19:17:48","date_gmt":"2016-11-08T19:17:48","guid":{"rendered":"http:\/\/orthopaedieschuhtechnik-b-klein.de\/?page_id=8"},"modified":"2022-03-18T17:50:13","modified_gmt":"2022-03-18T17:50:13","slug":"ueber-den-laden","status":"publish","type":"page","link":"https:\/\/orthopaedieschuhtechnik-b-klein.de\/?page_id=8","title":{"rendered":"Das Schuhgesch\u00e4ft der Familie"},"content":{"rendered":"<p><em><strong>Qualit\u00e4t aus Tradition&#8230;<\/strong><\/em><\/p>\n<div id=\"attachment_14\" style=\"width: 310px\" class=\"wp-caption alignright\"><img loading=\"lazy\" decoding=\"async\" aria-describedby=\"caption-attachment-14\" class=\"wp-image-14 size-medium\" src=\"http:\/\/orthopaedieschuhtechnik-b-klein.de\/wp-content\/uploads\/2016\/11\/3Gen-300x200.jpg\" alt=\"Foto von Wilhelm Klein\" width=\"300\" height=\"200\" srcset=\"https:\/\/orthopaedieschuhtechnik-b-klein.de\/wp-content\/uploads\/2016\/11\/3Gen-300x200.jpg 300w, https:\/\/orthopaedieschuhtechnik-b-klein.de\/wp-content\/uploads\/2016\/11\/3Gen-768x512.jpg 768w, https:\/\/orthopaedieschuhtechnik-b-klein.de\/wp-content\/uploads\/2016\/11\/3Gen-1024x683.jpg 1024w, https:\/\/orthopaedieschuhtechnik-b-klein.de\/wp-content\/uploads\/2016\/11\/3Gen-624x416.jpg 624w\" sizes=\"auto, (max-width: 300px) 100vw, 300px\" \/><p id=\"caption-attachment-14\" class=\"wp-caption-text\">Wilhelm Reith<\/p><\/div>\n<p style=\"text-align: center;\"><em>&#8230;mittlerweile in der dritten Generation &#8211; so lange ist unsere Familie um\u00a0Asbach nun schon darum bem\u00fcht, dass sie mit hochwertigen Schuhen f\u00fcr gesunde F\u00fc\u00dfe durch&#8217;s Leben gehen k\u00f6nnen.<\/em><\/p>\n<div id=\"attachment_62\" style=\"width: 220px\" class=\"wp-caption alignleft\"><img loading=\"lazy\" decoding=\"async\" aria-describedby=\"caption-attachment-62\" class=\"wp-image-62 size-medium\" src=\"http:\/\/orthopaedieschuhtechnik-b-klein.de\/wp-content\/uploads\/2016\/11\/Josef-Klein-1-210x300.jpg\" alt=\"Foto von Josef Klein\" width=\"210\" height=\"300\" srcset=\"https:\/\/orthopaedieschuhtechnik-b-klein.de\/wp-content\/uploads\/2016\/11\/Josef-Klein-1-210x300.jpg 210w, https:\/\/orthopaedieschuhtechnik-b-klein.de\/wp-content\/uploads\/2016\/11\/Josef-Klein-1-768x1097.jpg 768w, https:\/\/orthopaedieschuhtechnik-b-klein.de\/wp-content\/uploads\/2016\/11\/Josef-Klein-1-717x1024.jpg 717w, https:\/\/orthopaedieschuhtechnik-b-klein.de\/wp-content\/uploads\/2016\/11\/Josef-Klein-1-624x891.jpg 624w\" sizes=\"auto, (max-width: 210px) 100vw, 210px\" \/><p id=\"caption-attachment-62\" class=\"wp-caption-text\">Josef Klein, mein Vater<\/p><\/div>\n<p style=\"text-align: center;\"><em>Im\u00a0medizinisch-technischen Handwerksberuf des Orthop\u00e4dieschuhmacherers umfasste und umfasst unsere Arbeit jegliche schuhtechnischen Ma\u00dfnahmen zur Erhaltung, F\u00f6rderung und Wiederherstellung der Gesundheit Ihrer F\u00fc\u00dfe.\u00a0<\/em><\/p>\n<p style=\"text-align: center;\"><em>Stets\u00a0ist eine umfassende Beratung und die Suche nach geeigneten L\u00f6sungen bei Schuh- und Fu\u00dfproblemen im prophylaktischen und akuten Bereich unser Anliegen.<\/em><\/p>\n<div id=\"attachment_118\" style=\"width: 635px\" class=\"wp-caption aligncenter\"><img loading=\"lazy\" decoding=\"async\" aria-describedby=\"caption-attachment-118\" class=\"wp-image-118 size-large\" src=\"http:\/\/orthopaedieschuhtechnik-b-klein.de\/wp-content\/uploads\/2016\/11\/Berthold-Klein-1024x678.jpg\" alt=\"berthold-klein\" width=\"625\" height=\"414\" srcset=\"https:\/\/orthopaedieschuhtechnik-b-klein.de\/wp-content\/uploads\/2016\/11\/Berthold-Klein-1024x678.jpg 1024w, https:\/\/orthopaedieschuhtechnik-b-klein.de\/wp-content\/uploads\/2016\/11\/Berthold-Klein-300x199.jpg 300w, https:\/\/orthopaedieschuhtechnik-b-klein.de\/wp-content\/uploads\/2016\/11\/Berthold-Klein-768x509.jpg 768w, https:\/\/orthopaedieschuhtechnik-b-klein.de\/wp-content\/uploads\/2016\/11\/Berthold-Klein-624x413.jpg 624w\" sizes=\"auto, (max-width: 625px) 100vw, 625px\" \/><p id=\"caption-attachment-118\" class=\"wp-caption-text\">&#8230;und heute stehe ich in Sch\u00f6neberg an der Ausputzmaschine.<\/p><\/div>\n","protected":false},"excerpt":{"rendered":"<p>Qualit\u00e4t aus Tradition&#8230; &#8230;mittlerweile in der dritten Generation &#8211; so lange ist unsere Familie um\u00a0Asbach nun schon darum bem\u00fcht, dass sie mit hochwertigen Schuhen f\u00fcr gesunde F\u00fc\u00dfe durch&#8217;s Leben gehen k\u00f6nnen. Im\u00a0medizinisch-technischen Handwerksberuf des Orthop\u00e4dieschuhmacherers umfasste und umfasst unsere Arbeit jegliche schuhtechnischen Ma\u00dfnahmen zur Erhaltung, F\u00f6rderung und Wiederherstellung der Gesundheit Ihrer F\u00fc\u00dfe.\u00a0 Stets\u00a0ist eine umfassende [&hellip;]<\/p>\n","protected":false},"author":1,"featured_media":0,"parent":0,"menu_order":3,"comment_status":"closed","ping_status":"closed","template":"page-templates\/full-width.php","meta":{"footnotes":""},"class_list":["post-8","page","type-page","status-publish","hentry"],"_links":{"self":[{"href":"https:\/\/orthopaedieschuhtechnik-b-klein.de\/index.php?rest_route=\/wp\/v2\/pages\/8","targetHints":{"allow":["GET"]}}],"collection":[{"href":"https:\/\/orthopaedieschuhtechnik-b-klein.de\/index.php?rest_route=\/wp\/v2\/pages"}],"about":[{"href":"https:\/\/orthopaedieschuhtechnik-b-klein.de\/index.php?rest_route=\/wp\/v2\/types\/page"}],"author":[{"embeddable":true,"href":"https:\/\/orthopaedieschuhtechnik-b-klein.de\/index.php?rest_route=\/wp\/v2\/users\/1"}],"replies":[{"embeddable":true,"href":"https:\/\/orthopaedieschuhtechnik-b-klein.de\/index.php?rest_route=%2Fwp%2Fv2%2Fcomments&post=8"}],"version-history":[{"count":20,"href":"https:\/\/orthopaedieschuhtechnik-b-klein.de\/index.php?rest_route=\/wp\/v2\/pages\/8\/revisions"}],"predecessor-version":[{"id":153,"href":"https:\/\/orthopaedieschuhtechnik-b-klein.de\/index.php?rest_route=\/wp\/v2\/pages\/8\/revisions\/153"}],"wp:attachment":[{"href":"https:\/\/orthopaedieschuhtechnik-b-klein.de\/index.php?rest_route=%2Fwp%2Fv2%2Fmedia&parent=8"}],"curies":[{"name":"wp","href":"https:\/\/api.w.org\/{rel}","templated":true}]}}